{"id":5,"date":"2020-11-02T13:27:52","date_gmt":"2020-11-02T12:27:52","guid":{"rendered":"http:\/\/anne-delaby.com\/NouveauSite\/materialis\/"},"modified":"2024-03-02T18:36:30","modified_gmt":"2024-03-02T17:36:30","slug":"materialis","status":"publish","type":"page","link":"http:\/\/anne-delaby.com\/NouveauSite\/en\/","title":{"rendered":"Front Page"},"content":{"rendered":"<!-- wp:heading--><div class=\"gridContainer\">\n<h2 class=\"wp-block-heading\">Actualit\u00e9s<\/h2>\n<\/div><!-- \/wp:heading-->\n\n<!-- wp:shortcode--><div class=\"gridContainer\">\n<div class=\"pt-cv-wrapper\"><div class=\"pt-cv-view pt-cv-timeline\" id=\"pt-cv-view-ced206feiq\"><div class=\"tl-spine\"><a href=\"#\"><\/a><\/div>\n<div class=\"tl-items\">\n<div class=\"tl-item pt-left\"><div class=\"tl-item-content\"><i class=\"tl-pointer\"><\/i><div class=\" pt-cv-content-item pt-cv-1-col\"  data-pid=\"1477\"><a href=\"http:\/\/anne-delaby.com\/NouveauSite\/en\/2025\/06\/24\/exposition-personnelle-2\/\" class=\"_self pt-cv-href-thumbnail pt-cv-thumb-default cvplbd\" target=\"_self\" ><img loading=\"lazy\" decoding=\"async\" width=\"212\" height=\"300\" src=\"http:\/\/anne-delaby.com\/NouveauSite\/wp-content\/uploads\/2025\/06\/Affiche-exposition-Juillet-2025-1-212x300.jpg\" class=\"pt-cv-thumbnail img-none no-lazyload \" alt=\"exposition personnelle Espace Dagron Auneau du 2 au 30 juillet 2025 Vernissage le 3 juillet \u00e0 17h.\" srcset=\"http:\/\/anne-delaby.com\/NouveauSite\/wp-content\/uploads\/2025\/06\/Affiche-exposition-Juillet-2025-1-212x300.jpg 212w, http:\/\/anne-delaby.com\/NouveauSite\/wp-content\/uploads\/2025\/06\/Affiche-exposition-Juillet-2025-1.jpg 595w\" sizes=\"(max-width: 212px) 100vw, 212px\" \/><\/a>\n<h4 class=\"pt-cv-title\"><a href=\"http:\/\/anne-delaby.com\/NouveauSite\/en\/2025\/06\/24\/exposition-personnelle-2\/\" class=\"_self cvplbd\" target=\"_self\" >EXPOSITION PERSONNELLE<\/a><\/h4>\n<div class=\"pt-cv-content\">exposition personnelle Espace Dagron Auneau du 2 au 30 juillet 2025 Vernissage le 3 juillet \u00e0 17h ...<br \/><div class=\"pt-cv-rmwrap\"><a href=\"http:\/\/anne-delaby.com\/NouveauSite\/en\/2025\/06\/24\/exposition-personnelle-2\/\" class=\"_self pt-cv-readmore btn btn-success cvplbd\" target=\"_self\">Lire La Suite\u2026<\/a><\/div><\/div><\/div><\/div><\/div>\n<div class=\"tl-item pt-right\"><div class=\"tl-item-content\"><i class=\"tl-pointer\"><\/i><div class=\" pt-cv-content-item pt-cv-1-col\"  data-pid=\"1461\"><a href=\"http:\/\/anne-delaby.com\/NouveauSite\/en\/2025\/05\/08\/les-nonetes\/\" class=\"_self pt-cv-href-thumbnail pt-cv-thumb-default cvplbd\" target=\"_self\" ><img loading=\"lazy\" decoding=\"async\" width=\"300\" height=\"300\" style=\"max-height: 300px;\" src=\"http:\/\/anne-delaby.com\/NouveauSite\/wp-content\/plugins\/pt-content-views-pro\/public\/assets\/images\/default_image.png\" class=\"pt-cv-thumbnail img-none not-found no-lazyload \" alt=\"Les Non\u00e8tes\" \/><\/a>\n<h4 class=\"pt-cv-title\"><a href=\"http:\/\/anne-delaby.com\/NouveauSite\/en\/2025\/05\/08\/les-nonetes\/\" class=\"_self cvplbd\" target=\"_self\" >Les Non\u00e8tes<\/a><\/h4>\n<div class=\"pt-cv-content\">Les Non\u00e8tes : (orthographe ancienne des Nonettes ou petites Nonnes), inspir\u00e9es d'une pi\u00e8ce de clavecin de Fran\u00e7ois Couperin (1668 -1733) ...<br \/><div class=\"pt-cv-rmwrap\"><a href=\"http:\/\/anne-delaby.com\/NouveauSite\/en\/2025\/05\/08\/les-nonetes\/\" class=\"_self pt-cv-readmore btn btn-success cvplbd\" target=\"_self\">Lire La Suite\u2026<\/a><\/div><\/div><\/div><\/div><\/div>\n<div class=\"tl-item pt-left\"><div class=\"tl-item-content\"><i class=\"tl-pointer\"><\/i><div class=\" pt-cv-content-item pt-cv-1-col\"  data-pid=\"1458\"><a href=\"http:\/\/anne-delaby.com\/NouveauSite\/en\/sculptures\/les-nonetes\/\" class=\"_self pt-cv-href-thumbnail pt-cv-thumb-default cvplbd\" target=\"_self\" ><img decoding=\"async\" width=\"300\" src=\"http:\/\/anne-delaby.com\/NouveauSite\/wp-content\/uploads\/2023\/05\/Les-Nonetes-300x126.jpg\" class=\"pt-cv-thumbnail img-none cvp-substitute no-lazyload \" alt=\"Les Non\u00e8tes Inspir\u00e9es d&#039;une pi\u00e8ce de clavecin de Fran\u00e7ois Couperin. Technique mixte - sculptures de petites dimensions \u00e0 diposer en ligne.\" title=\"\" \/><\/a>\n<h4 class=\"pt-cv-title\"><a href=\"http:\/\/anne-delaby.com\/NouveauSite\/en\/sculptures\/les-nonetes\/\" class=\"_self cvplbd\" target=\"_self\" >Les Non\u00e8tes<\/a><\/h4>\n<div class=\"pt-cv-content\">Les Non\u00e8tes : (orthographe ancienne des Nonettes ou petites Nonnes), inspir\u00e9es d'une pi\u00e8ce de clavecin de Fran\u00e7ois Couperin (1668 -1733) ...<br \/><div class=\"pt-cv-rmwrap\"><a href=\"http:\/\/anne-delaby.com\/NouveauSite\/en\/sculptures\/les-nonetes\/\" class=\"_self pt-cv-readmore btn btn-success cvplbd\" target=\"_self\">Lire La Suite\u2026<\/a><\/div><\/div><\/div><\/div><\/div>\n<div class=\"tl-item pt-right\"><div class=\"tl-item-content\"><i class=\"tl-pointer\"><\/i><div class=\" pt-cv-content-item pt-cv-1-col\"  data-pid=\"1455\"><a href=\"http:\/\/anne-delaby.com\/NouveauSite\/en\/sculptures\/rever-aux-vagues\/\" class=\"_self pt-cv-href-thumbnail pt-cv-thumb-default cvplbd\" target=\"_self\" ><img loading=\"lazy\" decoding=\"async\" width=\"300\" height=\"224\" src=\"http:\/\/anne-delaby.com\/NouveauSite\/wp-content\/uploads\/2025\/05\/20220827_164642-300x224.jpg\" class=\"pt-cv-thumbnail img-none no-lazyload \" alt=\"Petite sculpture d&#039;argile, sables color\u00e9s sur socle de perre marine.\" srcset=\"http:\/\/anne-delaby.com\/NouveauSite\/wp-content\/uploads\/2025\/05\/20220827_164642-300x224.jpg 300w, http:\/\/anne-delaby.com\/NouveauSite\/wp-content\/uploads\/2025\/05\/20220827_164642-1024x764.jpg 1024w, http:\/\/anne-delaby.com\/NouveauSite\/wp-content\/uploads\/2025\/05\/20220827_164642-768x573.jpg 768w, http:\/\/anne-delaby.com\/NouveauSite\/wp-content\/uploads\/2025\/05\/20220827_164642-1536x1146.jpg 1536w, http:\/\/anne-delaby.com\/NouveauSite\/wp-content\/uploads\/2025\/05\/20220827_164642-2048x1528.jpg 2048w, http:\/\/anne-delaby.com\/NouveauSite\/wp-content\/uploads\/2025\/05\/20220827_164642-1232x919.jpg 1232w, http:\/\/anne-delaby.com\/NouveauSite\/wp-content\/uploads\/2025\/05\/20220827_164642-1447x1080.jpg 1447w\" sizes=\"(max-width: 300px) 100vw, 300px\" \/><\/a>\n<h4 class=\"pt-cv-title\"><a href=\"http:\/\/anne-delaby.com\/NouveauSite\/en\/sculptures\/rever-aux-vagues\/\" class=\"_self cvplbd\" target=\"_self\" >R\u00eaver aux vagues<\/a><\/h4>\n<div class=\"pt-cv-content\">Petite sculpture d'une baigneuse r\u00eavant devant les vagues Argile, sables color\u00e9s sur socle de pierre marine Prix sur demande ...<br \/><div class=\"pt-cv-rmwrap\"><a href=\"http:\/\/anne-delaby.com\/NouveauSite\/en\/sculptures\/rever-aux-vagues\/\" class=\"_self pt-cv-readmore btn btn-success cvplbd\" target=\"_self\">Lire La Suite\u2026<\/a><\/div><\/div><\/div><\/div><\/div>\n<div class=\"tl-item pt-left\"><div class=\"tl-item-content\"><i class=\"tl-pointer\"><\/i><div class=\" pt-cv-content-item pt-cv-1-col\"  data-pid=\"1452\"><a href=\"http:\/\/anne-delaby.com\/NouveauSite\/en\/sculptures\/le-danseur-de-buto\/\" class=\"_self pt-cv-href-thumbnail pt-cv-thumb-default cvplbd\" target=\"_self\" ><img loading=\"lazy\" decoding=\"async\" width=\"300\" height=\"300\" style=\"max-height: 300px;\" src=\"http:\/\/anne-delaby.com\/NouveauSite\/wp-content\/plugins\/pt-content-views-pro\/public\/assets\/images\/default_image.png\" class=\"pt-cv-thumbnail img-none not-found no-lazyload \" alt=\"Le Danseur de But\u00f4\" \/><\/a>\n<h4 class=\"pt-cv-title\"><a href=\"http:\/\/anne-delaby.com\/NouveauSite\/en\/sculptures\/le-danseur-de-buto\/\" class=\"_self cvplbd\" target=\"_self\" >Le Danseur de But\u00f4<\/a><\/h4>\n<div class=\"pt-cv-content\">Sculpture Technique mixte sur socle de marbre noir Hauteur : environ 25 cm Prix sur demande ...<br \/><div class=\"pt-cv-rmwrap\"><a href=\"http:\/\/anne-delaby.com\/NouveauSite\/en\/sculptures\/le-danseur-de-buto\/\" class=\"_self pt-cv-readmore btn btn-success cvplbd\" target=\"_self\">Lire La Suite\u2026<\/a><\/div><\/div><\/div><\/div><\/div>\n<\/div><\/div><\/div>\t\t\t<style type=\"text\/css\" id=\"pt-cv-inline-style-e5b0c05dpm\">#pt-cv-view-ced206feiq .pt-cv-title a, #pt-cv-view-ced206feiq  .panel-title { font-weight: 600 !important; }\n#pt-cv-view-ced206feiq .pt-cv-carousel-caption  { background-color: rgba(51,51,51,.6) !important; }\n#pt-cv-view-ced206feiq .pt-cv-specialp { background-color: #CC3333 !important }\n#pt-cv-view-ced206feiq .pt-cv-specialp * { color: #fff !important; }\n#pt-cv-view-ced206feiq .pt-cv-pficon  { color: #bbb !important; }\n#pt-cv-view-ced206feiq .pt-cv-readmore  { color: #ffffff !important; background-color: #00aeef !important; }\n#pt-cv-view-ced206feiq .pt-cv-readmore:hover  { color: #ffffff !important; background-color: #00aeef !important; }\n#pt-cv-view-ced206feiq  + .pt-cv-pagination-wrapper .pt-cv-more , #pt-cv-view-ced206feiq  + .pt-cv-pagination-wrapper .pagination .active a { color: #ffffff !important; background-color: #00aeef !important; }<\/style>\r\n\t\t\t\n<\/div><!-- \/wp:shortcode-->\n\n\n<div id=\"portfolio-3\" class=\"portfolio-2-materialis content-section-spacing-large content-section bg-color-white\" data-label=\"Portfolio\" data-id=\"portfolio--1\" data-export-id=\"portfolio-2-materialis\" data-category=\"portfolio\">\n<div class=\"gridContainer\">\n<div class=\"row\">\n<div class=\"section-title-col\" data-type=\"column\">\n<h2 class=\"\">Portfolio<\/h2>\n<\/div>\n<\/div>\n<div class=\"row text-left spaced-cols\" data-type=\"row\" data-fixed=\"true\">\n<div class=\"col-md-4 col-sm-6 col-xs-12\">\n<div class=\"card mdc-elevation--z3 no-padding\" data-hover-fx=\"portfolio-1\">\n<div class=\"image\"><img decoding=\"async\" src=\"http:\/\/anne-delaby.com\/NouveauSite\/wp-content\/uploads\/2020\/11\/cropped-arriere-plan-Ulule-scaled-1.jpg\" data-size=\"375x220\"><\/div>\n<div class=\"text col-padding col-xs-12\">\n<h6 class=\"color4 font-400\">Abstractions<\/h6>\n<p><a class=\"h5 font-400\" href=\"http:\/\/anne-delaby.com\/NouveauSite\/abstraction\" target=\"_self\" rel=\"noopener noreferrer\" data-cp-link=\"1\">Voir<\/a><\/p>\n<\/div>\n<\/div>\n<\/div>\n<div class=\"col-md-4 col-sm-6 col-xs-12\">\n<div class=\"card mdc-elevation--z3 no-padding\" data-hover-fx=\"portfolio-1\">\n<div class=\"image\"><img decoding=\"async\" src=\"http:\/\/anne-delaby.com\/NouveauSite\/wp-content\/uploads\/2020\/11\/cropped-20201104_142636-scaled-1.jpg\" data-size=\"375x220\"><\/div>\n<div class=\"text col-padding col-xs-12\" data-type=\"column\">\n<h6 class=\"color2 font-400\">Figures<\/h6>\n<p class=\"\"><a class=\"h5 font-400\" href=\"http:\/\/anne-delaby.com\/NouveauSite\/figures\" target=\"_self\" rel=\"noopener noreferrer\" data-cp-link=\"1\">Voir<\/a><\/p>\n<\/div>\n<\/div>\n<\/div>\n<div class=\"col-md-4 col-sm-6 col-xs-12\">\n<div class=\"card mdc-elevation--z3 no-padding\" data-hover-fx=\"portfolio-1\">\n<div class=\"image\"><img decoding=\"async\" src=\"http:\/\/anne-delaby.com\/NouveauSite\/wp-content\/uploads\/2024\/03\/cropped-Deluges-Tout-est-accompli-01-scaled-1.jpg\" data-size=\"375x220\"><\/div>\n<div class=\"text col-padding col-xs-12\" data-type=\"column\">\n<h6 class=\"color5 font-400\">Paysages<\/h6>\n<p class=\"\"><a class=\"h5 font-400\" href=\"http:\/\/anne-delaby.com\/NouveauSite\/paysage\" target=\"_self\" rel=\"noopener noreferrer\" data-cp-link=\"1\">Voir<\/a><\/p>\n<\/div>\n<\/div>\n<\/div>\n<div class=\"col-md-4 col-sm-6 col-xs-12\">\n<div class=\"card mdc-elevation--z3 no-padding\" data-hover-fx=\"portfolio-1\">\n<div class=\"image\"><img decoding=\"async\" src=\"http:\/\/anne-delaby.com\/NouveauSite\/wp-content\/uploads\/2020\/11\/cropped-Elegie-en-blanc-vue-05-Copier-4.jpg\" data-size=\"375x220\"><\/div>\n<div class=\"text col-padding col-xs-12\" data-type=\"column\">\n<h6 class=\"color2 font-400\">Installations<\/h6>\n<p class=\"\"><a class=\"h5 font-400\" href=\"http:\/\/anne-delaby.com\/NouveauSite\/installations\" target=\"_self\" rel=\"noopener noreferrer\" data-cp-link=\"1\">Voir<\/a><\/p>\n<\/div>\n<\/div>\n<\/div>\n<div class=\"col-md-4 col-sm-6 col-xs-12\">\n<div class=\"card mdc-elevation--z3 no-padding\" data-hover-fx=\"portfolio-1\">\n<div class=\"image\"><img decoding=\"async\" src=\"http:\/\/anne-delaby.com\/NouveauSite\/wp-content\/uploads\/2020\/11\/cropped-Dechirement_0.jpg\" data-size=\"375x220\"><\/div>\n<div class=\"text col-padding col-xs-12\" data-type=\"column\">\n<h6 class=\"color4 font-400\">Noir et Blanc<\/h6>\n<p class=\"\"><a class=\"h5 font-400\" href=\"http:\/\/anne-delaby.com\/NouveauSite\/noir-et-blanc\" target=\"_self\" rel=\"noopener noreferrer\" data-cp-link=\"1\">Voir<\/a><\/p>\n<\/div>\n<\/div>\n<\/div>\n<div class=\"col-md-4 col-sm-6 col-xs-12\">\n<div class=\"card mdc-elevation--z3 no-padding\" data-hover-fx=\"portfolio-1\">\n<div class=\"image\"><img decoding=\"async\" src=\"http:\/\/anne-delaby.com\/NouveauSite\/wp-content\/uploads\/2020\/11\/cropped-08-Collage-couleur.jpg\" data-size=\"375x220\"><\/div>\n<div class=\"text col-padding col-xs-12\" data-type=\"column\">\n<h6 class=\"color5 font-400\">Projets et Ateliers<\/h6>\n<p class=\"\"><a class=\"h5 font-400\" href=\"http:\/\/anne-delaby.com\/NouveauSite\/projets\" target=\"_self\" rel=\"noopener noreferrer\" data-cp-link=\"1\">Voir<\/a><\/p>\n<\/div>\n<\/div>\n<\/div>\n<div class=\"col-md-4 col-sm-6 col-xs-12\">\n<div class=\"card mdc-elevation--z3 no-padding\" data-hover-fx=\"portfolio-1\">\n<div class=\"image\"><img decoding=\"async\" src=\"http:\/\/anne-delaby.com\/NouveauSite\/wp-content\/uploads\/2020\/11\/cropped-Anhydra-oiseau-1-Copier.jpg\" data-size=\"375x220\"><\/div>\n<div class=\"text col-padding col-xs-12\">\n<h6 class=\"color4 font-400\">Sculptures<\/h6>\n<p><a class=\"h5 font-400\" href=\"http:\/\/anne-delaby.com\/NouveauSite\/sculptures\" target=\"_self\" rel=\"noopener noreferrer\" data-cp-link=\"1\">Voir<\/a><\/p>\n<\/div>\n<\/div>\n<\/div>\n<\/div>\n<\/div>\n<\/div>\n","protected":false},"excerpt":{"rendered":"<p>Actualit\u00e9s<\/p>\n","protected":false},"author":1,"featured_media":0,"parent":0,"menu_order":0,"comment_status":"closed","ping_status":"closed","template":"page-templates\/homepage.php","meta":{"footnotes":""},"_links":{"self":[{"href":"http:\/\/anne-delaby.com\/NouveauSite\/en\/wp-json\/wp\/v2\/pages\/5"}],"collection":[{"href":"http:\/\/anne-delaby.com\/NouveauSite\/en\/wp-json\/wp\/v2\/pages"}],"about":[{"href":"http:\/\/anne-delaby.com\/NouveauSite\/en\/wp-json\/wp\/v2\/types\/page"}],"author":[{"embeddable":true,"href":"http:\/\/anne-delaby.com\/NouveauSite\/en\/wp-json\/wp\/v2\/users\/1"}],"replies":[{"embeddable":true,"href":"http:\/\/anne-delaby.com\/NouveauSite\/en\/wp-json\/wp\/v2\/comments?post=5"}],"version-history":[{"count":60,"href":"http:\/\/anne-delaby.com\/NouveauSite\/en\/wp-json\/wp\/v2\/pages\/5\/revisions"}],"predecessor-version":[{"id":1438,"href":"http:\/\/anne-delaby.com\/NouveauSite\/en\/wp-json\/wp\/v2\/pages\/5\/revisions\/1438"}],"wp:attachment":[{"href":"http:\/\/anne-delaby.com\/NouveauSite\/en\/wp-json\/wp\/v2\/media?parent=5"}],"curies":[{"name":"wp","href":"https:\/\/api.w.org\/{rel}","templated":true}]}}